{"id":44,"date":"2014-11-27T15:08:15","date_gmt":"2014-11-27T14:08:15","guid":{"rendered":"http:\/\/tintypelab.ch\/?page_id=44"},"modified":"2025-10-26T11:36:00","modified_gmt":"2025-10-26T10:36:00","slug":"news","status":"publish","type":"page","link":"https:\/\/tintypelab.ch\/","title":{"rendered":"Agenda"},"content":{"rendered":"\n<p><a id=\"wp-block-file--media-ef6dd71b-7d9c-43b9-85d1-cbe6fbc24f19\" href=\"https:\/\/tintypelab.ch\/wp-content\/uploads\/2025\/10\/TINTYPELAB_VEYRIER_FLYER_web.pdf\" target=\"_blank\" rel=\"noreferrer noopener\"><em><strong>Veyrier entre pass\u00e9 et pr\u00e9sent<\/strong><\/em><\/a><em><em><br>Ses lieux historiques \u00e0 travers le ferrotype <\/em><br><\/em>\ud83e\udd42 30.10.2025 \u2013 03.01.2026<em><br><a href=\"https:\/\/tintypelab.ch\/wp-content\/uploads\/2025\/10\/TINTYPELAB_A3.jpg\" target=\"_blank\" rel=\"noopener\"><img loading=\"lazy\" decoding=\"async\" class=\"size-medium wp-image-1479\" src=\"https:\/\/tintypelab.ch\/wp-content\/uploads\/2025\/10\/TINTYPELAB_A3-212x300.jpg\" alt=\"\" width=\"212\" height=\"300\" srcset=\"https:\/\/tintypelab.ch\/wp-content\/uploads\/2025\/10\/TINTYPELAB_A3-212x300.jpg 212w, https:\/\/tintypelab.ch\/wp-content\/uploads\/2025\/10\/TINTYPELAB_A3-724x1024.jpg 724w, https:\/\/tintypelab.ch\/wp-content\/uploads\/2025\/10\/TINTYPELAB_A3-768x1086.jpg 768w, https:\/\/tintypelab.ch\/wp-content\/uploads\/2025\/10\/TINTYPELAB_A3.jpg 842w\" sizes=\"(max-width: 212px) 100vw, 212px\" \/><\/a><\/em><\/p>\n\n\n\n<hr class=\"wp-block-separator has-alpha-channel-opacity is-style-wide\"\/>\n\n\n\n<p><em><a href=\"https:\/\/www.tdg.ch\/jardin-alpin-du-vegetal-et-du-metal-pour-eclater-le-temps-570111857916\" target=\"_blank\" rel=\"noopener\">Herbier ferrotypique <\/a><\/em><br><strong><a href=\"https:\/\/meyrin.ch\/fr\/agenda\/tintypelab-0\" target=\"_blank\" rel=\"noopener\">Jardin botanique alpin de Meyrin<\/a><\/strong><br>20.04 \u2013 02.06.2024<br><img loading=\"lazy\" decoding=\"async\" class=\"size-medium wp-image-1298\" src=\"https:\/\/tintypelab.ch\/wp-content\/uploads\/2024\/04\/Tintypelab-affiche-A3-212x300.jpg\" alt=\"Jardin botanique alpin de Meyrin\" width=\"212\" height=\"300\" srcset=\"https:\/\/tintypelab.ch\/wp-content\/uploads\/2024\/04\/Tintypelab-affiche-A3-212x300.jpg 212w, https:\/\/tintypelab.ch\/wp-content\/uploads\/2024\/04\/Tintypelab-affiche-A3-724x1024.jpg 724w, https:\/\/tintypelab.ch\/wp-content\/uploads\/2024\/04\/Tintypelab-affiche-A3-768x1087.jpg 768w, https:\/\/tintypelab.ch\/wp-content\/uploads\/2024\/04\/Tintypelab-affiche-A3-1086x1536.jpg 1086w, https:\/\/tintypelab.ch\/wp-content\/uploads\/2024\/04\/Tintypelab-affiche-A3-1448x2048.jpg 1448w, https:\/\/tintypelab.ch\/wp-content\/uploads\/2024\/04\/Tintypelab-affiche-A3.jpg 1753w\" sizes=\"(max-width: 212px) 100vw, 212px\" \/><\/p>\n\n\n\n<hr class=\"wp-block-separator has-alpha-channel-opacity is-style-wide\"\/>\n\n\n\n<p><strong><a href=\"https:\/\/bigbiennale.ch\/2023\/equipage-insulaire\/#tintypelab\" target=\"_blank\" rel=\"noopener\">BIG 2023<\/a><\/strong><br>23.06 \u2013 09.07.2023<br><img loading=\"lazy\" decoding=\"async\" class=\"size-medium wp-image-1244\" src=\"https:\/\/tintypelab.ch\/wp-content\/uploads\/2024\/01\/afficheBIG2023-210x300.jpg\" alt=\"BIG 23\" width=\"210\" height=\"300\" srcset=\"https:\/\/tintypelab.ch\/wp-content\/uploads\/2024\/01\/afficheBIG2023-210x300.jpg 210w, https:\/\/tintypelab.ch\/wp-content\/uploads\/2024\/01\/afficheBIG2023.jpg 600w\" sizes=\"(max-width: 210px) 100vw, 210px\" \/><\/p>\n\n\n\n<hr class=\"wp-block-separator has-alpha-channel-opacity is-style-wide\"\/>\n\n\n\n<p><strong><a href=\"https:\/\/2021.bigbiennale.ch\/participantexs\/tintypelab\/index.html\" target=\"_blank\" rel=\"noopener\">BIG 2021<\/a><\/strong><br>09 \u2013 25.07.2021<br><img loading=\"lazy\" decoding=\"async\" class=\"size-medium wp-image-1106\" src=\"https:\/\/tintypelab.ch\/wp-content\/uploads\/2021\/06\/BIG21-210x300.jpg\" alt=\"BIG 21\" width=\"210\" height=\"300\" srcset=\"https:\/\/tintypelab.ch\/wp-content\/uploads\/2021\/06\/BIG21-210x300.jpg 210w, https:\/\/tintypelab.ch\/wp-content\/uploads\/2021\/06\/BIG21.jpg 504w\" sizes=\"(max-width: 210px) 100vw, 210px\" \/><\/p>\n\n\n\n<hr class=\"wp-block-separator has-alpha-channel-opacity is-style-wide\"\/>\n\n\n\n<p><strong><!--<a href=\"https:\/\/www.france.tv\/france-3\/auvergne-rhone-alpes\/19-20-alpes\/1943949-emission-du-samedi-5-septembre-2020.html\" target=\"_blank\" rel=\"noopener\">-->Fronti\u00e8res: le regard insolite de 2 photographes<!--<\/a>--><\/strong><br>05.09.2020<\/p>\n\n\n<!--[if lt IE 9]><script>document.createElement('video');<\/script><![endif]-->\n\t<div class=\"wp-playlist wp-video-playlist wp-playlist-light\">\n\t\t<video controls=\"controls\" preload=\"none\" width=\"638\"\n\t\t height=\"351\"\t><\/video>\n\t<div class=\"wp-playlist-next\"><\/div>\n\t<div class=\"wp-playlist-prev\"><\/div>\n\t<noscript>\n\t<ol>\n\t\t<li><a href='https:\/\/tintypelab.ch\/wp-content\/uploads\/2020\/09\/ferrotypeuses-2.mp4'>France tv, 19\/20 Alpes. Par Ingrid Pernet-Duparc<\/a><\/li>\t<\/ol>\n\t<\/noscript>\n\t<script type=\"application\/json\" class=\"wp-playlist-script\">{\"type\":\"video\",\"tracklist\":true,\"tracknumbers\":true,\"images\":true,\"artists\":true,\"tracks\":[{\"src\":\"https:\\\/\\\/tintypelab.ch\\\/wp-content\\\/uploads\\\/2020\\\/09\\\/ferrotypeuses-2.mp4\",\"type\":\"video\\\/mp4\",\"title\":\"France tv, 19\\\/20 Alpes. Par Ingrid Pernet-Duparc\",\"caption\":\"\",\"description\":\"\",\"meta\":{\"length_formatted\":\"4:26\"},\"dimensions\":{\"original\":{\"width\":640,\"height\":352},\"resized\":{\"width\":638,\"height\":351}},\"image\":{\"src\":\"https:\\\/\\\/tintypelab.ch\\\/wp-content\\\/uploads\\\/2020\\\/09\\\/img-fr3.png\",\"width\":720,\"height\":406},\"thumb\":{\"src\":\"https:\\\/\\\/tintypelab.ch\\\/wp-content\\\/uploads\\\/2020\\\/09\\\/img-fr3-150x150.png\",\"width\":150,\"height\":150}}]}<\/script>\n<\/div>\n\t\n\n\n\n<hr class=\"wp-block-separator has-alpha-channel-opacity is-style-wide\"\/>\n\n\n\n<p><strong><a href=\"https:\/\/platformsproject.com\/platforms-2020\/platform\/big\/\" target=\"_blank\" rel=\"noopener\">Platforms Project Net, Ath\u00e8nes<\/a><\/strong><br>14 \u2013 31.05.20<\/p>\n\n\n\n<hr class=\"wp-block-separator has-alpha-channel-opacity is-style-wide\"\/>\n\n\n\n<p><strong><a href=\"https:\/\/www.tdg.ch\/culture\/deux-ferrotypeuses-assaut-frontieres\/story\/24757784\" target=\"_blank\" rel=\"noopener\"><em>Deux \u00abferrotypeuses\u00bb \u00e0 l&rsquo;assaut des fronti\u00e8res genevoises<\/em><br>Tribune de Gen\u00e8ve<\/a><\/strong><br>21.04.20<\/p>\n\n\n\n<hr class=\"wp-block-separator has-alpha-channel-opacity is-style-wide\"\/>\n\n\n\n<p><strong><a href=\"http:\/\/ouvre-toi.act-art.ch\/exposant\/tintypelab\" target=\"_blank\" rel=\"noopener\">atelier (rrr)ouvre-toi&#8230;<\/a><\/strong><br>02 \u2013 03.11.19<br><img loading=\"lazy\" decoding=\"async\" class=\"alignnone wp-image-1052 size-medium\" src=\"https:\/\/tintypelab.ch\/wp-content\/uploads\/2019\/11\/WANU4983-212x300.jpg\" alt=\"atelier (rrrouvre-toi...)\" width=\"212\" height=\"300\" srcset=\"https:\/\/tintypelab.ch\/wp-content\/uploads\/2019\/11\/WANU4983-212x300.jpg 212w, https:\/\/tintypelab.ch\/wp-content\/uploads\/2019\/11\/WANU4983.jpg 724w\" sizes=\"(max-width: 212px) 100vw, 212px\" \/><\/p>\n\n\n\n<hr class=\"wp-block-separator has-alpha-channel-opacity is-style-wide\"\/>\n\n\n\n<p><strong><a href=\"https:\/\/2019.bigbiennale.ch\/equipages\/tintypelab.html\" target=\"_blank\" rel=\"noopener\">BIG<\/a><\/strong><br>28 \u2013 30.06.19<br><img loading=\"lazy\" decoding=\"async\" class=\"alignnone wp-image-1045 size-medium\" src=\"https:\/\/tintypelab.ch\/wp-content\/uploads\/2019\/06\/big-212x300.jpg\" alt=\"BIG 2019\" width=\"212\" height=\"300\" srcset=\"https:\/\/tintypelab.ch\/wp-content\/uploads\/2019\/06\/big-212x300.jpg 212w, https:\/\/tintypelab.ch\/wp-content\/uploads\/2019\/06\/big-768x1085.jpg 768w, https:\/\/tintypelab.ch\/wp-content\/uploads\/2019\/06\/big-725x1024.jpg 725w, https:\/\/tintypelab.ch\/wp-content\/uploads\/2019\/06\/big.jpg 800w\" sizes=\"(max-width: 212px) 100vw, 212px\" \/><\/p>\n\n\n\n<hr class=\"wp-block-separator has-alpha-channel-opacity is-style-wide\"\/>\n\n\n\n<p><strong><a href=\"https:\/\/pont12.ch\/project\/theatre-et-salle-des-fetes-de-carouge\/\" target=\"_blank\" rel=\"noopener\">Pose de la premi\u00e8re pierre<br>Th\u00e9\u00e2tre et salle des f\u00eates de Carouge<\/a><\/strong><br>10.10.2018<\/p>\n\n\n\n<hr class=\"wp-block-separator has-alpha-channel-opacity is-style-wide\"\/>\n\n\n\n<p><strong><a href=\"https:\/\/www.nationalmuseum.ch\/f\/microsites\/Prangins\/DejeunerSurLherbe.php\" target=\"_blank\" rel=\"noopener\">D\u00e9jeuner sur l&rsquo;herbe<br>Ch\u00e2teau de Prangins<\/a><\/strong><br>30.09.2018<br><img loading=\"lazy\" decoding=\"async\" class=\"alignnone wp-image-995\" src=\"https:\/\/tintypelab.ch\/wp-content\/uploads\/2018\/09\/flyer.jpg\" alt=\"D\u00e9jeuner sur l'herbe\" width=\"150\" height=\"298\" srcset=\"https:\/\/tintypelab.ch\/wp-content\/uploads\/2018\/09\/flyer.jpg 1241w, https:\/\/tintypelab.ch\/wp-content\/uploads\/2018\/09\/flyer-151x300.jpg 151w, https:\/\/tintypelab.ch\/wp-content\/uploads\/2018\/09\/flyer-768x1528.jpg 768w, https:\/\/tintypelab.ch\/wp-content\/uploads\/2018\/09\/flyer-515x1024.jpg 515w\" sizes=\"(max-width: 150px) 100vw, 150px\" \/><\/p>\n\n\n\n<hr class=\"wp-block-separator has-alpha-channel-opacity is-style-wide\"\/>\n\n\n\n<p><strong><a href=\"http:\/\/espacepicto.ch\/hors-cases\/pixel-gallery\/\" target=\"_blank\" rel=\"noopener\">Pixel Gallery<\/a><\/strong><br>16.09.2017 \u2013 16.03.2018<\/p>\n\n\n\n<hr class=\"wp-block-separator has-alpha-channel-opacity is-style-wide\"\/>\n\n\n\n<p><strong><a href=\"http:\/\/espacepicto.ch\/lithium\/\" target=\"_blank\" rel=\"noopener\"><i>Lithium<\/i>, TOPIC<\/a><\/strong><br>08 \u2013 15.09.2017<br><img loading=\"lazy\" decoding=\"async\" class=\"alignnone wp-image-671 size-medium\" src=\"https:\/\/tintypelab.ch\/wp-content\/uploads\/2017\/09\/TintypeLab-LITHIUM-212x300.jpg\" alt=\"TintypeLab-LITHIUM\" width=\"212\" height=\"300\" srcset=\"https:\/\/tintypelab.ch\/wp-content\/uploads\/2017\/09\/TintypeLab-LITHIUM-212x300.jpg 212w, https:\/\/tintypelab.ch\/wp-content\/uploads\/2017\/09\/TintypeLab-LITHIUM-722x1024.jpg 722w, https:\/\/tintypelab.ch\/wp-content\/uploads\/2017\/09\/TintypeLab-LITHIUM-100x142.jpg 100w, https:\/\/tintypelab.ch\/wp-content\/uploads\/2017\/09\/TintypeLab-LITHIUM-150x213.jpg 150w, https:\/\/tintypelab.ch\/wp-content\/uploads\/2017\/09\/TintypeLab-LITHIUM-200x284.jpg 200w, https:\/\/tintypelab.ch\/wp-content\/uploads\/2017\/09\/TintypeLab-LITHIUM-300x426.jpg 300w, https:\/\/tintypelab.ch\/wp-content\/uploads\/2017\/09\/TintypeLab-LITHIUM-450x638.jpg 450w, https:\/\/tintypelab.ch\/wp-content\/uploads\/2017\/09\/TintypeLab-LITHIUM-600x851.jpg 600w, https:\/\/tintypelab.ch\/wp-content\/uploads\/2017\/09\/TintypeLab-LITHIUM-900x1277.jpg 900w, https:\/\/tintypelab.ch\/wp-content\/uploads\/2017\/09\/TintypeLab-LITHIUM.jpg 1200w\" sizes=\"(max-width: 212px) 100vw, 212px\" \/><\/p>\n\n\n\n<hr class=\"wp-block-separator has-alpha-channel-opacity is-style-wide\"\/>\n\n\n\n<p><strong><a href=\"http:\/\/espacepicto.ch\/la-rue-est-a-vous-a-picto\/\" target=\"_blank\" rel=\"noopener\">La rue est \u00e0 vous \u00e0 Picto<\/a><\/strong><br>26.08.2017<br><img loading=\"lazy\" decoding=\"async\" class=\"alignnone wp-image-695 size-medium\" src=\"https:\/\/tintypelab.ch\/wp-content\/uploads\/2017\/11\/rue-est-a-vous-Picto-212x300.png\" alt=\"\" width=\"212\" height=\"300\" srcset=\"https:\/\/tintypelab.ch\/wp-content\/uploads\/2017\/11\/rue-est-a-vous-Picto-212x300.png 212w, https:\/\/tintypelab.ch\/wp-content\/uploads\/2017\/11\/rue-est-a-vous-Picto-100x141.png 100w, https:\/\/tintypelab.ch\/wp-content\/uploads\/2017\/11\/rue-est-a-vous-Picto-150x212.png 150w, https:\/\/tintypelab.ch\/wp-content\/uploads\/2017\/11\/rue-est-a-vous-Picto-200x283.png 200w, https:\/\/tintypelab.ch\/wp-content\/uploads\/2017\/11\/rue-est-a-vous-Picto-300x424.png 300w, https:\/\/tintypelab.ch\/wp-content\/uploads\/2017\/11\/rue-est-a-vous-Picto-450x636.png 450w, https:\/\/tintypelab.ch\/wp-content\/uploads\/2017\/11\/rue-est-a-vous-Picto.png 595w\" sizes=\"(max-width: 212px) 100vw, 212px\" \/><\/p>\n\n\n\n<hr class=\"wp-block-separator has-alpha-channel-opacity is-style-wide\"\/>\n\n\n\n<p><strong><a href=\"http:\/\/ouvre-toi.act-art.ch\/exposant\/tintypelab\" target=\"_blank\" rel=\"noopener\">Portes ouvertes &#8211; Picto<\/a><\/strong><br>10 \u2013 11.10.2015<br><img loading=\"lazy\" decoding=\"async\" class=\"alignnone wp-image-691 size-medium\" src=\"https:\/\/tintypelab.ch\/wp-content\/uploads\/2017\/11\/atelierRouvreToi_2015-212x300.jpg\" alt=\"\" width=\"212\" height=\"300\" srcset=\"https:\/\/tintypelab.ch\/wp-content\/uploads\/2017\/11\/atelierRouvreToi_2015-212x300.jpg 212w, https:\/\/tintypelab.ch\/wp-content\/uploads\/2017\/11\/atelierRouvreToi_2015-768x1086.jpg 768w, https:\/\/tintypelab.ch\/wp-content\/uploads\/2017\/11\/atelierRouvreToi_2015-724x1024.jpg 724w, https:\/\/tintypelab.ch\/wp-content\/uploads\/2017\/11\/atelierRouvreToi_2015-100x141.jpg 100w, https:\/\/tintypelab.ch\/wp-content\/uploads\/2017\/11\/atelierRouvreToi_2015-150x212.jpg 150w, https:\/\/tintypelab.ch\/wp-content\/uploads\/2017\/11\/atelierRouvreToi_2015-200x283.jpg 200w, https:\/\/tintypelab.ch\/wp-content\/uploads\/2017\/11\/atelierRouvreToi_2015-300x424.jpg 300w, https:\/\/tintypelab.ch\/wp-content\/uploads\/2017\/11\/atelierRouvreToi_2015-450x636.jpg 450w, https:\/\/tintypelab.ch\/wp-content\/uploads\/2017\/11\/atelierRouvreToi_2015-600x848.jpg 600w, https:\/\/tintypelab.ch\/wp-content\/uploads\/2017\/11\/atelierRouvreToi_2015-900x1273.jpg 900w, https:\/\/tintypelab.ch\/wp-content\/uploads\/2017\/11\/atelierRouvreToi_2015.jpg 1500w\" sizes=\"(max-width: 212px) 100vw, 212px\" \/><\/p>\n\n\n\n<hr class=\"wp-block-separator has-alpha-channel-opacity is-style-wide\"\/>\n\n\n\n<p><strong><!-- <a href=\"http:\/\/www.altomalcantonefestival.ch\/#!news\/c1t44\" target=\"_blank\" rel=\"noopener\">Antichi Miestri - Vezio-Paese - Festival 2015<\/a> -->Antichi Miestri &#8211; Vezio-Paese &#8211; Festival 2015<\/strong><br>29.08.2015<br><img loading=\"lazy\" decoding=\"async\" class=\"alignnone wp-image-690 size-medium\" src=\"https:\/\/tintypelab.ch\/wp-content\/uploads\/2017\/11\/vezio-300x204.png\" alt=\"\" width=\"300\" height=\"204\" srcset=\"https:\/\/tintypelab.ch\/wp-content\/uploads\/2017\/11\/vezio-300x204.png 300w, https:\/\/tintypelab.ch\/wp-content\/uploads\/2017\/11\/vezio-768x522.png 768w, https:\/\/tintypelab.ch\/wp-content\/uploads\/2017\/11\/vezio-100x68.png 100w, https:\/\/tintypelab.ch\/wp-content\/uploads\/2017\/11\/vezio-150x102.png 150w, https:\/\/tintypelab.ch\/wp-content\/uploads\/2017\/11\/vezio-200x136.png 200w, https:\/\/tintypelab.ch\/wp-content\/uploads\/2017\/11\/vezio-450x306.png 450w, https:\/\/tintypelab.ch\/wp-content\/uploads\/2017\/11\/vezio-600x408.png 600w, https:\/\/tintypelab.ch\/wp-content\/uploads\/2017\/11\/vezio-900x611.png 900w, https:\/\/tintypelab.ch\/wp-content\/uploads\/2017\/11\/vezio.png 979w\" sizes=\"(max-width: 300px) 100vw, 300px\" \/><\/p>\n\n\n\n<hr class=\"wp-block-separator has-alpha-channel-opacity is-style-wide\"\/>\n\n\n\n<p><strong><a href=\"http:\/\/www.amr-geneve.ch\/lamr-aux-cropettes-2015\" target=\"_blank\" rel=\"noopener\">AMR aux Cropettes<\/a><\/strong><br>26 \u2013 27.06.2015<br><img loading=\"lazy\" decoding=\"async\" class=\"alignnone wp-image-689 size-medium\" src=\"https:\/\/tintypelab.ch\/wp-content\/uploads\/2017\/11\/amr_cropettes-212x300.jpg\" alt=\"\" width=\"212\" height=\"300\" srcset=\"https:\/\/tintypelab.ch\/wp-content\/uploads\/2017\/11\/amr_cropettes-212x300.jpg 212w, https:\/\/tintypelab.ch\/wp-content\/uploads\/2017\/11\/amr_cropettes-100x142.jpg 100w, https:\/\/tintypelab.ch\/wp-content\/uploads\/2017\/11\/amr_cropettes-150x213.jpg 150w, https:\/\/tintypelab.ch\/wp-content\/uploads\/2017\/11\/amr_cropettes-200x284.jpg 200w, https:\/\/tintypelab.ch\/wp-content\/uploads\/2017\/11\/amr_cropettes-300x426.jpg 300w, https:\/\/tintypelab.ch\/wp-content\/uploads\/2017\/11\/amr_cropettes.jpg 423w\" sizes=\"(max-width: 212px) 100vw, 212px\" \/><\/p>\n\n\n\n<hr class=\"wp-block-separator has-alpha-channel-opacity is-style-wide\"\/>\n\n\n\n<p><strong>Printemps Carougeois<\/strong><br>Jardin du mus\u00e9e de Carouge<br>25 \u2013 26.04 &amp; 02 \u2013 03.05.2015<br><img loading=\"lazy\" decoding=\"async\" class=\"alignnone wp-image-688 size-medium\" src=\"https:\/\/tintypelab.ch\/wp-content\/uploads\/2017\/11\/printemps-carougeois-300x231.jpg\" alt=\"\" width=\"300\" height=\"231\" srcset=\"https:\/\/tintypelab.ch\/wp-content\/uploads\/2017\/11\/printemps-carougeois-300x231.jpg 300w, https:\/\/tintypelab.ch\/wp-content\/uploads\/2017\/11\/printemps-carougeois-100x77.jpg 100w, https:\/\/tintypelab.ch\/wp-content\/uploads\/2017\/11\/printemps-carougeois-150x115.jpg 150w, https:\/\/tintypelab.ch\/wp-content\/uploads\/2017\/11\/printemps-carougeois-200x154.jpg 200w, https:\/\/tintypelab.ch\/wp-content\/uploads\/2017\/11\/printemps-carougeois-450x346.jpg 450w, https:\/\/tintypelab.ch\/wp-content\/uploads\/2017\/11\/printemps-carougeois-600x462.jpg 600w, https:\/\/tintypelab.ch\/wp-content\/uploads\/2017\/11\/printemps-carougeois.jpg 650w\" sizes=\"(max-width: 300px) 100vw, 300px\" \/><\/p>\n\n\n\n<div class=\"wp-block-file\"><a id=\"wp-block-file--media-41a5b64f-4e42-4a01-bf3f-a8dca7c0b5d9\" href=\"https:\/\/tintypelab.ch\/wp-content\/uploads\/2024\/03\/pc_programme_2015.pdf\" target=\"_blank\" rel=\"noreferrer noopener\">Programme 2015<\/a><\/div>\n","protected":false},"excerpt":{"rendered":"<p>Veyrier entre pass\u00e9 et pr\u00e9sentSes lieux historiques \u00e0 travers le ferrotype \ud83e\udd42 30.10.2025 \u2013 03.01.2026 Herbier ferrotypique Jardin botanique alpin de Meyrin20.04 \u2013 02.06.2024 BIG 202323.06 \u2013 09.07.2023 BIG 202109 \u2013 25.07.2021 Fronti\u00e8res: le regard insolite de 2 photographes05.09.2020 Platforms Project Net, Ath\u00e8nes14 \u2013 31.05.20 Deux \u00abferrotypeuses\u00bb \u00e0 l&rsquo;assaut des fronti\u00e8res genevoisesTribune de Gen\u00e8ve21.04.20 atelier &hellip; <a href=\"https:\/\/tintypelab.ch\/\" class=\"more-link\">Continuer la lecture de <span class=\"screen-reader-text\">Agenda<\/span><\/a><\/p>\n","protected":false},"author":1,"featured_media":0,"parent":0,"menu_order":1,"comment_status":"closed","ping_status":"closed","template":"","meta":{"footnotes":""},"_links":{"self":[{"href":"https:\/\/tintypelab.ch\/index.php?rest_route=\/wp\/v2\/pages\/44"}],"collection":[{"href":"https:\/\/tintypelab.ch\/index.php?rest_route=\/wp\/v2\/pages"}],"about":[{"href":"https:\/\/tintypelab.ch\/index.php?rest_route=\/wp\/v2\/types\/page"}],"author":[{"embeddable":true,"href":"https:\/\/tintypelab.ch\/index.php?rest_route=\/wp\/v2\/users\/1"}],"replies":[{"embeddable":true,"href":"https:\/\/tintypelab.ch\/index.php?rest_route=%2Fwp%2Fv2%2Fcomments&post=44"}],"version-history":[{"count":375,"href":"https:\/\/tintypelab.ch\/index.php?rest_route=\/wp\/v2\/pages\/44\/revisions"}],"predecessor-version":[{"id":1498,"href":"https:\/\/tintypelab.ch\/index.php?rest_route=\/wp\/v2\/pages\/44\/revisions\/1498"}],"wp:attachment":[{"href":"https:\/\/tintypelab.ch\/index.php?rest_route=%2Fwp%2Fv2%2Fmedia&parent=44"}],"curies":[{"name":"wp","href":"https:\/\/api.w.org\/{rel}","templated":true}]}}